{"id":894,"date":"2023-10-23T19:01:56","date_gmt":"2023-10-23T18:01:56","guid":{"rendered":"https:\/\/www.akm-koblenz.de\/?page_id=894"},"modified":"2026-04-21T19:35:17","modified_gmt":"2026-04-21T18:35:17","slug":"archiv","status":"publish","type":"page","link":"https:\/\/www.akm-koblenz.de\/index.php\/archiv\/","title":{"rendered":""},"content":{"rendered":"\n<div class=\"wp-block-columns has-black-color has-text-color is-layout-flex wp-container-core-columns-is-layout-1 wp-block-columns-is-layout-flex\">\n<div class=\"wp-block-column is-layout-flow wp-block-column-is-layout-flow\"><div class=\"wp-block-image is-resized\">\n<figure class=\"aligncenter size-full\"><a href=\"\/index.php\/2026\/02\/01\/wunder-weiss-wie\/\"><img loading=\"lazy\" decoding=\"async\" width=\"1200\" height=\"1697\" src=\"https:\/\/www.akm-koblenz.de\/wp-content\/uploads\/2026\/03\/AKM-WWW-2026-DIN-A2-260206.png\" alt=\"\" class=\"wp-image-1421\" style=\"width:200px\"\/><\/a><\/figure><\/div>\n\n\n<p class=\"has-text-align-center\"><a href=\"\/index.php\/2026\/02\/01\/wunder-weiss-wie\/\">WUNDER WEISS WIE<\/a><\/p>\n<\/div>\n\n\n\n<div class=\"wp-block-column is-layout-flow wp-block-column-is-layout-flow\"><div class=\"wp-block-image is-resized\">\n<figure class=\"aligncenter size-full\"><a href=\"\/index.php\/2026\/02\/03\/erschopferisch\/\"><img loading=\"lazy\" decoding=\"async\" width=\"1200\" height=\"1697\" src=\"https:\/\/www.akm-koblenz.de\/wp-content\/uploads\/2026\/02\/AKM-AdK-2026-DIN-A2-260113_2.png\" alt=\"\" class=\"wp-image-1395\" style=\"width:200px\"\/><\/a><\/figure><\/div>\n\n\n<p class=\"has-text-align-center\"><a href=\"\/index.php\/2026\/02\/03\/erschopferisch\/\" data-type=\"link\" data-id=\"\/index.php\/2025\/09\/04\/forever-young\/\">ERSCH\u00d6PFERISCH<\/a><\/p>\n<\/div>\n\n\n\n<div class=\"wp-block-column is-layout-flow wp-block-column-is-layout-flow\"><div class=\"wp-block-image is-resized\">\n<figure class=\"aligncenter size-full\"><a href=\"\/index.php\/2025\/10\/13\/akm-kunstpreis-2025-kyra-spieker\/\"><img loading=\"lazy\" decoding=\"async\" width=\"1200\" height=\"1697\" src=\"https:\/\/www.akm-koblenz.de\/wp-content\/uploads\/2025\/10\/AKM-Kunstpreis-2025-DIN-A2-250908.png\" alt=\"\" class=\"wp-image-1299\" style=\"width:200px\"\/><\/a><\/figure><\/div>\n\n\n<p class=\"has-text-align-center\"><a href=\"\/index.php\/2025\/10\/13\/akm-kunstpreis-2025-kyra-spieker\/\" data-type=\"link\" data-id=\"\/index.php\/2025\/09\/04\/forever-young\/\">Kyra Spieker<\/a><\/p>\n<\/div>\n\n\n\n<div class=\"wp-block-column is-layout-flow wp-block-column-is-layout-flow\"><div class=\"wp-block-image is-resized\">\n<figure class=\"aligncenter size-full\"><a href=\"\/index.php\/2025\/10\/14\/formfarbe-2025\/\"><img loading=\"lazy\" decoding=\"async\" width=\"3578\" height=\"5031\" src=\"https:\/\/www.akm-koblenz.de\/wp-content\/uploads\/2025\/10\/DIN-A3-AKM-formfarbe-2025-Plakat-250924.png\" alt=\"\" class=\"wp-image-1298\" style=\"width:200px\"\/><\/a><\/figure><\/div>\n\n\n<p class=\"has-text-align-center\"><a href=\"\/index.php\/2025\/10\/14\/formfarbe-2025\/\" data-type=\"link\" data-id=\"\/index.php\/2025\/09\/04\/forever-young\/\">form+farbe 2025<\/a><\/p>\n<\/div>\n<\/div>\n\n\n\n<div class=\"wp-block-columns has-black-color has-text-color is-layout-flex wp-container-core-columns-is-layout-2 wp-block-columns-is-layout-flex\">\n<div class=\"wp-block-column is-layout-flow wp-block-column-is-layout-flow\"><div class=\"wp-block-image is-resized\">\n<figure class=\"aligncenter size-full\"><a href=\"\/index.php\/2025\/09\/04\/forever-young\/\"><img loading=\"lazy\" decoding=\"async\" width=\"1066\" height=\"1502\" src=\"https:\/\/www.akm-koblenz.de\/wp-content\/uploads\/2025\/09\/PLAKAT-FOREVER-YOUNG-2025-DIN-A3-250806-RZ.png\" alt=\"\" class=\"wp-image-1274\" style=\"width:200px\"\/><\/a><\/figure><\/div>\n\n\n<p class=\"has-text-align-center\"><a href=\"\/index.php\/2025\/09\/04\/forever-young\/\" data-type=\"link\" data-id=\"\/index.php\/2025\/09\/04\/forever-young\/\">FOREVER YOUNG<\/a><\/p>\n<\/div>\n\n\n\n<div class=\"wp-block-column is-layout-flow wp-block-column-is-layout-flow\"><div class=\"wp-block-image is-resized\">\n<figure class=\"aligncenter size-full\"><a href=\"\/index.php\/2025\/09\/02\/ulli-bohmelmann\/\"><img loading=\"lazy\" decoding=\"async\" width=\"1052\" height=\"1488\" src=\"https:\/\/www.akm-koblenz.de\/wp-content\/uploads\/2025\/09\/DIN-A3-AKM-Festungskirche-Plakat-240820_RZ.png\" alt=\"\" class=\"wp-image-1287\" style=\"width:200px\"\/><\/a><\/figure><\/div>\n\n\n<p class=\"has-text-align-center\"><a href=\"\/index.php\/2025\/06\/03\/entfestigung\/\" data-type=\"post\" data-id=\"1179\">FIRMAMENT<\/a><\/p>\n<\/div>\n\n\n\n<div class=\"wp-block-column is-layout-flow wp-block-column-is-layout-flow\"><div class=\"wp-block-image is-resized\">\n<figure class=\"aligncenter size-full\"><a href=\"\/index.php\/2025\/06\/03\/entfestigung\/\"><img loading=\"lazy\" decoding=\"async\" width=\"600\" height=\"415\" src=\"https:\/\/www.akm-koblenz.de\/wp-content\/uploads\/2025\/06\/default.jpg\" alt=\"\" class=\"wp-image-1267\" style=\"width:200px\"\/><\/a><\/figure><\/div>\n\n\n<p class=\"has-text-align-center\"><a href=\"\/index.php\/2025\/06\/03\/entfestigung\/\" data-type=\"post\" data-id=\"1179\">ENTFESTIGUNG<\/a><\/p>\n<\/div>\n\n\n\n<div class=\"wp-block-column is-layout-flow wp-block-column-is-layout-flow\"><div class=\"wp-block-image is-resized\">\n<figure class=\"aligncenter size-full\"><a href=\"\/index.php\/2025\/04\/02\/pur\/\"><img loading=\"lazy\" decoding=\"async\" width=\"1200\" height=\"1687\" src=\"https:\/\/www.akm-koblenz.de\/wp-content\/uploads\/2025\/04\/PUR_Poster.png\" alt=\"\" class=\"wp-image-1205\" style=\"width:200px\"\/><\/a><\/figure><\/div>\n\n\n<p class=\"has-text-align-center\"><a href=\"\/index.php\/2025\/04\/02\/pur\/\" data-type=\"post\" data-id=\"1179\">PUR<\/a><\/p>\n<\/div>\n<\/div>\n\n\n\n<div class=\"wp-block-columns has-black-color has-text-color is-layout-flex wp-container-core-columns-is-layout-3 wp-block-columns-is-layout-flex\">\n<div class=\"wp-block-column is-layout-flow wp-block-column-is-layout-flow\"><div class=\"wp-block-image is-resized\">\n<figure class=\"aligncenter size-full\"><a href=\"\/index.php\/2025\/02\/23\/aschermittwoch-der-kunstler\/\"><img loading=\"lazy\" decoding=\"async\" width=\"1251\" height=\"1629\" src=\"https:\/\/www.akm-koblenz.de\/wp-content\/uploads\/2025\/02\/AKM-AdK-2025-Poster.png\" alt=\"\" class=\"wp-image-1180\" style=\"width:200px\"\/><\/a><\/figure><\/div>\n\n\n<p class=\"has-text-align-center\"><a href=\"\/index.php\/2025\/02\/23\/aschermittwoch-der-kunstler\/\" data-type=\"post\" data-id=\"1179\">Aschermittwoch der K\u00fcnstler &#8211; Ein Teil des Ganzen XI &#8211; LICHTE SCHATTEN<\/a><\/p>\n<\/div>\n\n\n\n<div class=\"wp-block-column is-layout-flow wp-block-column-is-layout-flow\"><div class=\"wp-block-image is-resized\">\n<figure class=\"aligncenter size-full\"><a href=\"\/index.php\/2024\/10\/03\/formfarbe-2024\/\"><img loading=\"lazy\" decoding=\"async\" width=\"850\" height=\"1202\" src=\"https:\/\/www.akm-koblenz.de\/wp-content\/uploads\/2024\/10\/AKM-formfarbe-2024-DIN-A2-240911.png\" alt=\"\" class=\"wp-image-1143\" style=\"width:200px\"\/><\/a><\/figure><\/div>\n\n\n<p class=\"has-text-align-center\"><a href=\"\/index.php\/2024\/10\/03\/formfarbe-2024\/\">form+farbe 2024<\/a><\/p>\n<\/div>\n\n\n\n<div class=\"wp-block-column is-layout-flow wp-block-column-is-layout-flow\"><div class=\"wp-block-image is-resized\">\n<figure class=\"aligncenter size-large\"><a href=\"\/index.php\/2024\/08\/26\/judith-roder-wolken-worte-wiederkehr\/\"><img decoding=\"async\" src=\"\/wp-content\/uploads\/2024\/08\/DIN-A3-AKM-Festungskirche-Plakat-240820_RZ-213x300.png\" alt=\"\" style=\"width:200px\"\/><\/a><\/figure><\/div>\n\n\n<p class=\"has-text-align-center\"><a href=\"\/index.php\/2024\/08\/26\/judith-roder-wolken-worte-wiederkehr\/\">JUDITH R\u00d6DER &#8211; Wolken, Worte, Wiederkehr<\/a><\/p>\n<\/div>\n\n\n\n<div class=\"wp-block-column is-layout-flow wp-block-column-is-layout-flow\"><div class=\"wp-block-image is-resized\">\n<figure class=\"aligncenter size-medium\"><a href=\"\/index.php\/2024\/08\/27\/art-circle-collection\/\"><img loading=\"lazy\" decoding=\"async\" width=\"213\" height=\"300\" src=\"https:\/\/www.akm-koblenz.de\/wp-content\/uploads\/2024\/08\/PlakatMuseumsnachtNeu-213x300.png\" alt=\"\" class=\"wp-image-1056\" style=\"width:200px\" srcset=\"https:\/\/www.akm-koblenz.de\/wp-content\/uploads\/2024\/08\/PlakatMuseumsnachtNeu-213x300.png 213w, https:\/\/www.akm-koblenz.de\/wp-content\/uploads\/2024\/08\/PlakatMuseumsnachtNeu-728x1024.png 728w, https:\/\/www.akm-koblenz.de\/wp-content\/uploads\/2024\/08\/PlakatMuseumsnachtNeu-768x1080.png 768w, https:\/\/www.akm-koblenz.de\/wp-content\/uploads\/2024\/08\/PlakatMuseumsnachtNeu.png 859w\" sizes=\"auto, (max-width: 213px) 100vw, 213px\" \/><\/a><\/figure><\/div>\n\n\n<p class=\"has-text-align-center\"><a href=\"\/index.php\/2024\/08\/27\/art-circle-collection\/\">ART CIRCLE COLLECTION<\/a><\/p>\n<\/div>\n<\/div>\n\n\n\n<div class=\"wp-block-columns has-black-color has-text-color is-layout-flex wp-container-core-columns-is-layout-4 wp-block-columns-is-layout-flex\">\n<div class=\"wp-block-column is-layout-flow wp-block-column-is-layout-flow\"><div class=\"wp-block-image is-resized\">\n<figure class=\"aligncenter size-large\"><a href=\"\/index.php\/2024\/04\/21\/inseln\/\"><img decoding=\"async\" src=\"\/wp-content\/uploads\/2024\/09\/InselnPlakat-200.png\" alt=\"\" style=\"width:200px\"\/><\/a><\/figure><\/div>\n\n\n<p class=\"has-text-align-center\"><a href=\"\/index.php\/2024\/04\/21\/inseln\/\">INSELN<\/a><\/p>\n<\/div>\n\n\n\n<div class=\"wp-block-column is-layout-flow wp-block-column-is-layout-flow\"><div class=\"wp-block-image is-resized\">\n<figure class=\"aligncenter size-medium\"><a href=\"\/index.php\/2024\/03\/17\/in-bewegung-2\/\"><img loading=\"lazy\" decoding=\"async\" width=\"213\" height=\"300\" src=\"https:\/\/www.akm-koblenz.de\/wp-content\/uploads\/2024\/03\/AKM-IN-BEWEGUNG-2024-DIN-A3-230222-1-213x300.png\" alt=\"\" class=\"wp-image-991\" style=\"width:200px\" srcset=\"https:\/\/www.akm-koblenz.de\/wp-content\/uploads\/2024\/03\/AKM-IN-BEWEGUNG-2024-DIN-A3-230222-1-213x300.png 213w, https:\/\/www.akm-koblenz.de\/wp-content\/uploads\/2024\/03\/AKM-IN-BEWEGUNG-2024-DIN-A3-230222-1-728x1024.png 728w\" sizes=\"auto, (max-width: 213px) 100vw, 213px\" \/><\/a><\/figure><\/div>\n\n\n<p class=\"has-text-align-center\"><a href=\"\/index.php\/2024\/03\/17\/in-bewegung-2\/\">In Bewegung<\/a><\/p>\n<\/div>\n\n\n\n<div class=\"wp-block-column is-layout-flow wp-block-column-is-layout-flow\"><div class=\"wp-block-image is-resized\">\n<figure class=\"aligncenter size-medium\"><a href=\"\/index.php\/2024\/01\/18\/druck-kunst-im-singular-und-plural\/\"><img loading=\"lazy\" decoding=\"async\" width=\"209\" height=\"300\" src=\"https:\/\/www.akm-koblenz.de\/wp-content\/uploads\/2024\/01\/Druck-Kunst-Plakat-209x300.jpg\" alt=\"\" class=\"wp-image-970\" style=\"width:200px\" srcset=\"https:\/\/www.akm-koblenz.de\/wp-content\/uploads\/2024\/01\/Druck-Kunst-Plakat-209x300.jpg 209w, https:\/\/www.akm-koblenz.de\/wp-content\/uploads\/2024\/01\/Druck-Kunst-Plakat-713x1024.jpg 713w, https:\/\/www.akm-koblenz.de\/wp-content\/uploads\/2024\/01\/Druck-Kunst-Plakat-768x1104.jpg 768w, https:\/\/www.akm-koblenz.de\/wp-content\/uploads\/2024\/01\/Druck-Kunst-Plakat-1069x1536.jpg 1069w, https:\/\/www.akm-koblenz.de\/wp-content\/uploads\/2024\/01\/Druck-Kunst-Plakat-1425x2048.jpg 1425w, https:\/\/www.akm-koblenz.de\/wp-content\/uploads\/2024\/01\/Druck-Kunst-Plakat.jpg 1696w\" sizes=\"auto, (max-width: 209px) 100vw, 209px\" \/><\/a><\/figure><\/div>\n\n\n<p class=\"has-text-align-center\"><a href=\"\/index.php\/2024\/01\/18\/druck-kunst-im-singular-und-plural\/\">Druck-Kunst im Singular und Plural<\/a><\/p>\n<\/div>\n\n\n\n<div class=\"wp-block-column is-layout-flow wp-block-column-is-layout-flow\"><div class=\"wp-block-image is-resized\">\n<figure class=\"aligncenter size-full\"><a href=\"\/index.php\/2023\/09\/20\/876\/\"><img decoding=\"async\" src=\"https:\/\/www.akm-koblenz.de\/wp-content\/uploads\/2023\/09\/formUndFarbePlakat.svg\" alt=\"\" class=\"wp-image-875\" style=\"width:200px\"\/><\/a><\/figure><\/div>\n\n\n<p class=\"has-text-align-center\"> <a href=\"\/index.php\/2023\/09\/20\/876\/\">form+farbe 2023<\/a> <\/p>\n<\/div>\n<\/div>\n\n\n\n<div class=\"wp-block-columns has-black-color has-text-color is-layout-flex wp-container-core-columns-is-layout-5 wp-block-columns-is-layout-flex\">\n<div class=\"wp-block-column is-layout-flow wp-block-column-is-layout-flow\"><div class=\"wp-block-image is-resized\">\n<figure class=\"aligncenter size-large\"><img decoding=\"async\" src=\"\/wp-content\/uploads\/2024\/09\/DIN-A3-AKM-Museumsnacht-Plakat-230816-screen_2344_.png\" alt=\"\" style=\"width:200px\"\/><\/figure><\/div>\n\n\n<p class=\"has-text-align-center\"> <a href=\"\/index.php\/2023\/08\/25\/865\/\">Bring mir den Sonnenuntergang in einer Tasse<\/a> <\/p>\n<\/div>\n\n\n\n<div class=\"wp-block-column is-layout-flow wp-block-column-is-layout-flow\"><div class=\"wp-block-image is-resized\">\n<figure class=\"aligncenter size-large\"><img decoding=\"async\" src=\"\/wp-content\/uploads\/2024\/09\/AKM-Draussen-kommt-uns-anders-vor-DIN-A3-230609-RZ.png\" alt=\"\" style=\"width:200px\"\/><\/figure><\/div>\n\n\n<p class=\"has-text-align-center\"> <a href=\"\/index.php\/2023\/06\/21\/drausen-kommt-uns-anders-vor\/\">Drau\u00dfen kommt uns anders vor<\/a> <\/p>\n<\/div>\n\n\n\n<div class=\"wp-block-column is-layout-flow wp-block-column-is-layout-flow\"><div class=\"wp-block-image\">\n<figure class=\"aligncenter size-large is-resized\"><img decoding=\"async\" src=\"\/wp-content\/uploads\/2024\/09\/NATION-DIN-A3-Festungskirche-230504-RZ.png\" alt=\"\" style=\"width:200px;height:auto\"\/><\/figure><\/div>\n\n\n<p class=\"has-text-align-center\"> <a href=\"\/index.php\/2023\/05\/18\/800\/\">Nation<\/a> <\/p>\n<\/div>\n\n\n\n<div class=\"wp-block-column is-layout-flow wp-block-column-is-layout-flow\"><div class=\"wp-block-image is-resized\">\n<figure class=\"aligncenter size-large\"><img decoding=\"async\" src=\"\/wp-content\/uploads\/2024\/09\/AKM-Plakat-Papier-DIN-A3-230314.png\" alt=\"\" style=\"width:200px\"\/><\/figure><\/div>\n\n\n<p class=\"has-text-align-center\"> <a href=\"\/index.php\/2023\/03\/27\/papiere\/\"> <\/a><a href=\"\/index.php\/2023\/03\/27\/papiere\/\">PAPIERe<\/a> <\/p>\n<\/div>\n<\/div>\n\n\n\n<div class=\"wp-block-columns has-black-color has-text-color is-layout-flex wp-container-core-columns-is-layout-6 wp-block-columns-is-layout-flex\">\n<div class=\"wp-block-column is-layout-flow wp-block-column-is-layout-flow\"><div class=\"wp-block-image is-resized\">\n<figure class=\"aligncenter size-large\"><img decoding=\"async\" src=\"\/wp-content\/uploads\/2024\/09\/AKM-AdK-2023-DIN-A3-230124-RZ.png\" alt=\"\" style=\"width:200px\"\/><\/figure><\/div>\n\n\n<p class=\"has-text-align-center\"> <a href=\"\/index.php\/2023\/02\/10\/aschermittwoch-der-kunstler-2023-ein-teil-des-ganzen-x\/\">ASCHERMITTWOCH DER K\u00dcNSTLER 2023 \u2013 EIN TEIL DES GANZEN X<\/a> <\/p>\n<\/div>\n\n\n\n<div class=\"wp-block-column is-layout-flow wp-block-column-is-layout-flow\"><div class=\"wp-block-image is-resized\">\n<figure class=\"aligncenter size-large\"><img decoding=\"async\" src=\"\/wp-content\/uploads\/2024\/09\/AKM-formfarbe-2022-DIN-A3-220908-RZ.png\" alt=\"\" style=\"width:200px\"\/><\/figure><\/div>\n\n\n<p class=\"has-text-align-center\"> <a href=\"\/index.php\/2022\/09\/27\/730\/\">form+farbe 2022<\/a> <\/p>\n<\/div>\n\n\n\n<div class=\"wp-block-column is-layout-flow wp-block-column-is-layout-flow\"><div class=\"wp-block-image is-resized\">\n<figure class=\"aligncenter size-large\"><img decoding=\"async\" src=\"\/wp-content\/uploads\/2024\/09\/AKM-Kunstpreis-2022-DIN-A3-220908_RZ.png\" alt=\"\" style=\"width:200px\"\/><\/figure><\/div>\n\n\n<p class=\"has-text-align-center\"> <a href=\"\/index.php\/2022\/09\/27\/734\/\">Peter Goehlen \u2013 WegFelder<\/a> <\/p>\n<\/div>\n\n\n\n<div class=\"wp-block-column is-layout-flow wp-block-column-is-layout-flow\"><div class=\"wp-block-image is-resized\">\n<figure class=\"aligncenter size-large\"><img decoding=\"async\" src=\"\/wp-content\/uploads\/2024\/09\/Plakat-EARTH-A3-220808-RZ.png\" alt=\"\" style=\"width:200px\"\/><\/figure><\/div>\n\n\n<p class=\"has-text-align-center\"> <a href=\"\/index.php\/2022\/09\/01\/720\/\">EARTH<\/a> <\/p>\n<\/div>\n<\/div>\n\n\n\n<div class=\"wp-block-columns has-black-color has-text-color is-layout-flex wp-container-core-columns-is-layout-7 wp-block-columns-is-layout-flex\">\n<div class=\"wp-block-column is-layout-flow wp-block-column-is-layout-flow\"><div class=\"wp-block-image is-resized\">\n<figure class=\"aligncenter size-large\"><img decoding=\"async\" src=\"\/wp-content\/uploads\/2024\/09\/AKM-Hangen-2022-DIN-A3-220321-RZ.png\" alt=\"\" style=\"width:200px\"\/><\/figure><\/div>\n\n\n<p class=\"has-text-align-center\"> <a href=\"\/index.php\/2022\/03\/21\/ausstellung-zu-ehren-von-heijo-hangen\/\">Ausstellung zu Ehren von Heijo Hangen<\/a> <\/p>\n<\/div>\n\n\n\n<div class=\"wp-block-column is-layout-flow wp-block-column-is-layout-flow\"><div class=\"wp-block-image is-resized\">\n<figure class=\"aligncenter size-large\"><img decoding=\"async\" src=\"\/wp-content\/uploads\/2024\/09\/AKM-AdK-2022-ZERBRECHLICH-DIN-A3-220203-RZ.png\" alt=\"\" style=\"width:200px\"\/><\/figure><\/div>\n\n\n<p class=\"has-text-align-center\"> <a href=\"\/index.php\/2022\/03\/20\/zerbrechlich-02-03-27-03-2022\/\">Zerbrechlich<\/a> <\/p>\n<\/div>\n\n\n\n<div class=\"wp-block-column is-layout-flow wp-block-column-is-layout-flow\"><div class=\"wp-block-image is-resized\">\n<figure class=\"aligncenter size-medium\"><a href=\"\/index.php\/2022\/02\/27\/bunter-schnee-ist-aus-papier-skulptur-malerei-zeichnung\/\"><img loading=\"lazy\" decoding=\"async\" width=\"212\" height=\"300\" src=\"https:\/\/www.akm-koblenz.de\/wp-content\/uploads\/2022\/03\/bunter-Schnee-ist-aus-Papier-DIN-A2_2-211108-212x300.jpg\" alt=\"\" class=\"wp-image-364\" style=\"width:200px\" srcset=\"https:\/\/www.akm-koblenz.de\/wp-content\/uploads\/2022\/03\/bunter-Schnee-ist-aus-Papier-DIN-A2_2-211108-212x300.jpg 212w, https:\/\/www.akm-koblenz.de\/wp-content\/uploads\/2022\/03\/bunter-Schnee-ist-aus-Papier-DIN-A2_2-211108-724x1024.jpg 724w, https:\/\/www.akm-koblenz.de\/wp-content\/uploads\/2022\/03\/bunter-Schnee-ist-aus-Papier-DIN-A2_2-211108-768x1086.jpg 768w, https:\/\/www.akm-koblenz.de\/wp-content\/uploads\/2022\/03\/bunter-Schnee-ist-aus-Papier-DIN-A2_2-211108-1086x1536.jpg 1086w, https:\/\/www.akm-koblenz.de\/wp-content\/uploads\/2022\/03\/bunter-Schnee-ist-aus-Papier-DIN-A2_2-211108.jpg 1190w\" sizes=\"auto, (max-width: 212px) 100vw, 212px\" \/><\/a><\/figure><\/div>\n\n\n<p class=\"has-text-align-center\"> <a href=\"\/index.php\/2022\/02\/27\/bunter-schnee-ist-aus-papier-skulptur-malerei-zeichnung\/\">Bunter Schnee ist aus Papier \u2013 Skulptur, Malerei, Zeichnung<\/a> <\/p>\n<\/div>\n\n\n\n<div class=\"wp-block-column is-layout-flow wp-block-column-is-layout-flow\"><div class=\"wp-block-image is-resized\">\n<figure class=\"aligncenter size-medium\"><a href=\"\/index.php\/2021\/10\/06\/formfarbe-2021-02-30-oktober-2021\/\"><img loading=\"lazy\" decoding=\"async\" width=\"212\" height=\"300\" src=\"https:\/\/www.akm-koblenz.de\/wp-content\/uploads\/2021\/10\/AKM_form_und_farbe-212x300.jpg\" alt=\"\" class=\"wp-image-138\" style=\"width:200px\" srcset=\"https:\/\/www.akm-koblenz.de\/wp-content\/uploads\/2021\/10\/AKM_form_und_farbe-212x300.jpg 212w, https:\/\/www.akm-koblenz.de\/wp-content\/uploads\/2021\/10\/AKM_form_und_farbe-724x1024.jpg 724w, https:\/\/www.akm-koblenz.de\/wp-content\/uploads\/2021\/10\/AKM_form_und_farbe-768x1086.jpg 768w, https:\/\/www.akm-koblenz.de\/wp-content\/uploads\/2021\/10\/AKM_form_und_farbe-1086x1536.jpg 1086w, https:\/\/www.akm-koblenz.de\/wp-content\/uploads\/2021\/10\/AKM_form_und_farbe.jpg 1190w\" sizes=\"auto, (max-width: 212px) 100vw, 212px\" \/><\/a><\/figure><\/div>\n\n\n<p class=\"has-text-align-center\"> <a href=\"\/index.php\/2021\/10\/06\/formfarbe-2021-02-30-oktober-2021\/\">form+farbe 2021<\/a> <\/p>\n<\/div>\n<\/div>\n\n\n\n<div class=\"wp-block-columns has-black-color has-text-color is-layout-flex wp-container-core-columns-is-layout-8 wp-block-columns-is-layout-flex\">\n<div class=\"wp-block-column is-layout-flow wp-block-column-is-layout-flow\"><div class=\"wp-block-image is-resized\">\n<figure class=\"aligncenter size-medium\"><a href=\"\/index.php\/2021\/09\/05\/ausstellung-eck-04-26-september-2021\/\"><img loading=\"lazy\" decoding=\"async\" width=\"213\" height=\"300\" src=\"https:\/\/www.akm-koblenz.de\/wp-content\/uploads\/2021\/10\/AKM_eck-213x300.jpg\" alt=\"\" class=\"wp-image-139\" style=\"width:200px\" srcset=\"https:\/\/www.akm-koblenz.de\/wp-content\/uploads\/2021\/10\/AKM_eck-213x300.jpg 213w, https:\/\/www.akm-koblenz.de\/wp-content\/uploads\/2021\/10\/AKM_eck-726x1024.jpg 726w, https:\/\/www.akm-koblenz.de\/wp-content\/uploads\/2021\/10\/AKM_eck-768x1084.jpg 768w, https:\/\/www.akm-koblenz.de\/wp-content\/uploads\/2021\/10\/AKM_eck-1088x1536.jpg 1088w, https:\/\/www.akm-koblenz.de\/wp-content\/uploads\/2021\/10\/AKM_eck.jpg 1451w\" sizes=\"auto, (max-width: 213px) 100vw, 213px\" \/><\/a><\/figure><\/div>\n\n\n<p class=\"has-text-align-center\"> <a href=\"\/index.php\/2021\/09\/05\/ausstellung-eck-04-26-september-2021\/\">ECK<\/a> <\/p>\n<\/div>\n\n\n\n<div class=\"wp-block-column is-layout-flow wp-block-column-is-layout-flow\"><div class=\"wp-block-image is-resized\">\n<figure class=\"aligncenter size-full\"><a href=\"\/index.php\/2021\/09\/05\/juliane-gottwald\/\"><img loading=\"lazy\" decoding=\"async\" width=\"150\" height=\"100\" src=\"https:\/\/www.akm-koblenz.de\/wp-content\/uploads\/2020\/08\/UaUcG4iJUq.jpg\" alt=\"\" class=\"wp-image-55\" style=\"width:200px\"\/><\/a><\/figure><\/div>\n\n\n<p class=\"has-text-align-center\"> <a href=\"\/index.php\/2021\/09\/05\/juliane-gottwald\/\">Juliane Gottwald<\/a> <\/p>\n<\/div>\n\n\n\n<div class=\"wp-block-column is-layout-flow wp-block-column-is-layout-flow\"><\/div>\n\n\n\n<div class=\"wp-block-column is-layout-flow wp-block-column-is-layout-flow\"><\/div>\n<\/div>\n","protected":false},"excerpt":{"rendered":"<p>WUNDER WEISS WIE ERSCH\u00d6PFERISCH Kyra Spieker form+farbe 2025 FOREVER YOUNG FIRMAMENT ENTFESTIGUNG PUR Aschermittwoch der K\u00fcnstler &#8211; Ein Teil des Ganzen XI &#8211; LICHTE SCHATTEN form+farbe 2024 JUDITH R\u00d6DER &#8211; Wolken, Worte, Wiederkehr ART CIRCLE COLLECTION INSELN In Bewegung Druck-Kunst im Singular und Plural form+farbe 2023 Bring mir den Sonnenuntergang in einer Tasse Drau\u00dfen kommt &hellip; <\/p>\n<p class=\"link-more\"><a href=\"https:\/\/www.akm-koblenz.de\/index.php\/archiv\/\" class=\"more-link\">Continue reading<span class=\"screen-reader-text\"> &#8220;&#8221;<\/span><\/a><\/p>\n","protected":false},"author":1,"featured_media":0,"parent":0,"menu_order":0,"comment_status":"closed","ping_status":"closed","template":"","meta":{"footnotes":""},"class_list":["post-894","page","type-page","status-publish","hentry"],"_links":{"self":[{"href":"https:\/\/www.akm-koblenz.de\/index.php\/wp-json\/wp\/v2\/pages\/894","targetHints":{"allow":["GET"]}}],"collection":[{"href":"https:\/\/www.akm-koblenz.de\/index.php\/wp-json\/wp\/v2\/pages"}],"about":[{"href":"https:\/\/www.akm-koblenz.de\/index.php\/wp-json\/wp\/v2\/types\/page"}],"author":[{"embeddable":true,"href":"https:\/\/www.akm-koblenz.de\/index.php\/wp-json\/wp\/v2\/users\/1"}],"replies":[{"embeddable":true,"href":"https:\/\/www.akm-koblenz.de\/index.php\/wp-json\/wp\/v2\/comments?post=894"}],"version-history":[{"count":41,"href":"https:\/\/www.akm-koblenz.de\/index.php\/wp-json\/wp\/v2\/pages\/894\/revisions"}],"predecessor-version":[{"id":1456,"href":"https:\/\/www.akm-koblenz.de\/index.php\/wp-json\/wp\/v2\/pages\/894\/revisions\/1456"}],"wp:attachment":[{"href":"https:\/\/www.akm-koblenz.de\/index.php\/wp-json\/wp\/v2\/media?parent=894"}],"curies":[{"name":"wp","href":"https:\/\/api.w.org\/{rel}","templated":true}]}}