{"id":744,"date":"2023-01-28T17:30:05","date_gmt":"2023-01-28T16:30:05","guid":{"rendered":"https:\/\/www.akm-koblenz.de\/?page_id=744"},"modified":"2023-01-28T17:35:45","modified_gmt":"2023-01-28T16:35:45","slug":"anja-schindler","status":"publish","type":"page","link":"https:\/\/www.akm-koblenz.de\/index.php\/mitglieder\/anja-schindler\/","title":{"rendered":"ANJA SCHINDLER"},"content":{"rendered":"\n<div class=\"wp-block-columns is-layout-flex wp-container-core-columns-is-layout-1 wp-block-columns-is-layout-flex\">\n<div class=\"wp-block-column is-layout-flow wp-block-column-is-layout-flow\" style=\"flex-basis:66.66%\">\n<figure class=\"wp-block-table is-style-stripes\"><table><tbody><tr><td>1963<\/td><td>geboren in Bremen<\/td><\/tr><tr><td>1984 &#8211; 86<\/td><td>Studium Kunstp\u00e4dagogik Universit\u00e4t Bremen<\/td><\/tr><tr><td>1986 &#8211; 92<\/td><td>Studium Modedesign Hochschule f\u00fcr K\u00fcnste Bremen \/ Prof. Istvan Ekrich<\/td><\/tr><tr><td>1990<\/td><td>Auslandssemester Accademia di Belle Arti, Perugia \/ Italien<\/td><\/tr><tr><td>1992 &#8211; 2006<\/td><td>Auslandsaufenthalt Italien, Mercatale di Cortona \/ Arezzo<\/td><\/tr><\/tbody><\/table><\/figure>\n\n\n\n<p><\/p>\n<\/div>\n\n\n\n<div class=\"wp-block-column is-layout-flow wp-block-column-is-layout-flow\" style=\"flex-basis:33.33%\">\n<figure class=\"wp-block-image size-full\"><img loading=\"lazy\" decoding=\"async\" width=\"531\" height=\"591\" src=\"https:\/\/www.akm-koblenz.de\/wp-content\/uploads\/2023\/01\/Anja_Schindler-Kopie-2.jpg\" alt=\"\" class=\"wp-image-745\" srcset=\"https:\/\/www.akm-koblenz.de\/wp-content\/uploads\/2023\/01\/Anja_Schindler-Kopie-2.jpg 531w, https:\/\/www.akm-koblenz.de\/wp-content\/uploads\/2023\/01\/Anja_Schindler-Kopie-2-270x300.jpg 270w\" sizes=\"auto, (max-width: 531px) 100vw, 531px\" \/><\/figure>\n<\/div>\n<\/div>\n\n\n\n<h2 class=\"wp-block-heading\">STIPENDIEN \/ AUSZEICHNUNGEN<\/h2>\n\n\n\n<figure class=\"wp-block-table is-style-stripes\"><table><tbody><tr><td>2021<\/td><td>Stipendium der Stiftung Kulturwerk im Rahmen von NEUSTART KULTUR<\/td><\/tr><tr><td>2021<\/td><td>Atelierstipendium Paul-Ernst-Wilke-Atelier, Bremerhaven<\/td><\/tr><tr><td>2021<\/td><td>Arbeitsstipendium Stiftung f\u00fcr Kultur Rheinland- Pfalz<\/td><\/tr><tr><td>2020<\/td><td>Landesf\u00f6rderung RLP f\u00fcr Projekt ARTENREICH \u2013 Zeitgen\u00f6ssische Kunst im Naturhistorischen Museum Mainz<\/td><\/tr><tr><td>2020<\/td><td>Arbeitsstipendium Stiftung f\u00fcr Kultur Rheinland-Pfalz<\/td><\/tr><tr><td>2019<\/td><td>Katalogf\u00f6rderung der Karin und Uwe Hollweg Stiftung<\/td><\/tr><tr><td>2012<\/td><td>Bundespreis der Jugendkunstschulen f\u00fcr Kunstprojekt HOMO PORTANS<\/td><\/tr><tr><td>2010<\/td><td>Atelierstipendium Paul-Ernst-Wilke-Atelier, Bremerhaven<\/td><\/tr><tr><td>2000<\/td><td>Kunstpreis der Werner K\u00fchl Stiftung, Syke<\/td><\/tr><\/tbody><\/table><\/figure>\n\n\n\n<h2 class=\"wp-block-heading\">PROJEKTE UND EINZELAUSSTELLUNGEN ( Auswahl )<\/h2>\n\n\n\n<figure class=\"wp-block-table is-style-stripes\"><table><tbody><tr><td>2024<\/td><td>Landesmuseum Schleswig Holstein, Schloss Gottorf, Schleswig ( K )<\/td><\/tr><tr><td>2023<\/td><td>F\u00dcLLE &amp; VIELFALT, Villa Streccius, Landau<\/td><\/tr><tr><td>2020\/21<\/td><td>ARTENREICH, Naturhistorisches Museum, Mainz ( K )<\/td><\/tr><tr><td>2019<\/td><td>NATURALIA ARTISTICA, \u00dcbersee-Museum, Bremen ( K )<\/td><\/tr><tr><td>2019<\/td><td>SPURENSUCHE, Landtag Rheinland-Pfalz, Mainz<\/td><\/tr><tr><td>2019<\/td><td>WUNDERKAMMER, Galerie Ohnesorge Bremen<\/td><\/tr><tr><td>2018<\/td><td>CURIOSIT\u00c0, Kunsthaus BBK, Braunschweig<\/td><\/tr><tr><td>2016\/17<\/td><td>DER TOD IST HIMMELBLAU, \u00c4gyptisches Museum, Bonn\/ Studienaufenthalt Kairo &amp; Luxor (K )<\/td><\/tr><tr><td>2016\/17<\/td><td>PREZIOSEN, Roemer-und-Pelizaeus Museum, Hildesheim<\/td><\/tr><tr><td>2016<\/td><td>SYSTEMAE MIRACULORUM, Kunstverein Celle, Schloss Celle, Celle ( K )<\/td><\/tr><tr><td>2015<\/td><td>SYMBIOSEN, Botanisches Museum, Berlin<\/td><\/tr><tr><td>2014<\/td><td>FRAGILE, Museum Z\u00fcndorfer Wehrturm, K\u00f6ln<\/td><\/tr><tr><td>2012<\/td><td>PERCORSI, Vorwerk Syke, Zentrum f\u00fcr zeitgen\u00f6ssische Kunst, Syke<\/td><\/tr><tr><td>2010\/11\/12<\/td><td>HOMO PORTANS, k\u00fcnstlerisch-wissenschaftliches Projekt in Zusammenarbeit mit dem Historischen Institut der Universit\u00e4t Mannheim und Komponisten Markus Stockhausen\/, Deutsches Hygiene Museum, Dresden \/ Berlin \/ Humboldt Universit\u00e4t<\/td><\/tr><tr><td>2010\/2011<\/td><td>NATURA ARTIS MAGISTRA, Zoologisches Forschungsmuseum Alexander Koenig, Bonn ( K )<\/td><\/tr><tr><td>2009\/2010<\/td><td>CAMERA DELLE MERAVIGLIE, Gerhard-Marcks-Haus, Bremen<br>WIRBELLOSE, Kunstprojekt im Garten der Schmetterlinge \/ Schloss Sayn ( K )<\/td><\/tr><tr><td>2008\/2009<\/td><td>RASNA &#8211; DIE ETRUSKER, Akademisches Kunstmuseum, Bonn \/ Studienreise zu Etruskerst\u00e4tten Tarquinia, Vulci, Cerveteri \/ IT ( K )<\/td><\/tr><\/tbody><\/table><figcaption>( K ) Katalog<\/figcaption><\/figure>\n\n\n\n<h2 class=\"wp-block-heading\">GRUPPENAUSSTELLUNGEN ( Auswahl )<\/h2>\n\n\n\n<figure class=\"wp-block-table is-style-stripes\"><table><tbody><tr><td>2022<\/td><td>KLARE KANTE, BBK Landeskunstausstellung NRW, Dortmunder U, Dortmund ( K)<\/td><\/tr><tr><td>2022<\/td><td>FORM + FARBE 2022, AKM im Haus Metternich, Koblenz ( K )<\/td><\/tr><tr><td>2022<\/td><td>HAUEISEN-KUNSTPREIS, Jockgrim<\/td><\/tr><tr><td>2021\/2022<\/td><td>NEXUS IV, Museum Boppard, Boppard ( K )<\/td><\/tr><tr><td>2021<\/td><td>FORM + FARBE 2021, AKM im Haus Metternich, Koblenz ( K )<\/td><\/tr><tr><td>2021<\/td><td>3 x KLINGELN, Mainz<\/td><\/tr><tr><td>2021<\/td><td>METANOIA, K\u00fcnstlerhaus Metternich, Koblenz<\/td><\/tr><tr><td>2020<\/td><td>BLAU, Galerie Ohnesorge, Bremen<\/td><\/tr><tr><td>2020<\/td><td>KOBLENZER KUNSTSALON, K\u00fcnstlerhaus Metternich, Koblenz<\/td><\/tr><tr><td>2019<\/td><td>DIE WELT, DIE ICH NICHT SAH, KulturForumEifel, Schleiden<\/td><\/tr><tr><td>2018\/2019<\/td><td>ANDERS &#8211; 70 JAHRE &#8211; 70 K\u00dcNSTLER, Vertretung des Landes Rheinland- Pfalz beim Bund und bei der EU, Berlin und Galerie des BBK, Mainz<\/td><\/tr><tr><td>2017<\/td><td>GESTOCHEN SCHARF, KunstForumEifel, Schleiden<\/td><\/tr><tr><td>2017<\/td><td>HAUEISEN &#8211; KUNSTPREIS, Zehnthaus, Jockgrim<\/td><\/tr><tr><td>2017<\/td><td>FRAUENZIMMER, Strieffler-Haus, Landau<\/td><\/tr><tr><td>2016<\/td><td>NEUE WERKE, Artothek Oldenburg, Oldenburg<\/td><\/tr><tr><td>2015<\/td><td>PREISGEKR\u00d6NT &#8211; 15 Jahre Werner K\u00fchl Preis, Vorwerk, Syke<\/td><\/tr><tr><td>2015<\/td><td>BEST FRIENDS, KM 570 Kunstverein Mittelrhein, K\u00fcnstlerhaus Metternich, Koblenz<\/td><\/tr><tr><td>2015<\/td><td>WERDEN\u2026WACHSEN\u2026WUCHERN, St\u00e4dtische Galerie Villa Streccius, Landau ( K )<\/td><\/tr><tr><td>2015<\/td><td>SOMMERAUSSTELLUNG 2015, Galerie Kunst\u00fcck, Oldenburg<\/td><\/tr><tr><td>2014\/2015<\/td><td>NEXUS II, Mittelrhein-Museum, Koblenz ( K )<\/td><\/tr><tr><td>2015<\/td><td>BESINNLICH, K\u00fcnstlerhaus Metternich, Koblenz<\/td><\/tr><tr><td>2015<\/td><td>KUNSTPREIS NATUR-MENSCH, Nationalpark Harz, Sankt Andreasberg ( K )<\/td><\/tr><tr><td>2013<\/td><td>KUNSTFORUM, Kloster Himmerod, Gro\u00dflittgen<\/td><\/tr><tr><td>2012<\/td><td>THEATRUM NATURAE, BBK K\u00f6ln, Stapelhaus, K\u00f6ln<\/td><\/tr><\/tbody><\/table><figcaption>( K ) Katalog<\/figcaption><\/figure>\n\n\n\n<h2 class=\"wp-block-heading\">Lebt und arbeitet in:<\/h2>\n\n\n\n<p>Moselstra\u00dfe 21<br>56818 Klotten\/ Mosel<br>mobil: 0151-14445661<br><a href=\"mailto:mail@anja-schindler.com\" target=\"_blank\" rel=\"noreferrer noopener\">mail@anja-schindler.com<\/a><br><a href=\"http:\/\/www.anja-schindler.com\" target=\"_blank\" rel=\"noreferrer noopener\">www.anja-schindler.com<\/a><\/p>\n\n\n\n<p class=\"has-text-align-center\">ARTENREICH, 2020, K\u00fcnstlerische Interventionen im Naturhistorischen Museum Mainz<\/p>\n\n\n\n<div class=\"wp-block-image\"><figure class=\"aligncenter size-large\"><img loading=\"lazy\" decoding=\"async\" width=\"1024\" height=\"708\" src=\"https:\/\/www.akm-koblenz.de\/wp-content\/uploads\/2023\/01\/ARTENREICH-2020-Kunstlerische-Interventionen-im-Naturhistorischen-Museum-Mainz-1-1024x708.jpg\" alt=\"\" class=\"wp-image-748\" srcset=\"https:\/\/www.akm-koblenz.de\/wp-content\/uploads\/2023\/01\/ARTENREICH-2020-Kunstlerische-Interventionen-im-Naturhistorischen-Museum-Mainz-1-1024x708.jpg 1024w, https:\/\/www.akm-koblenz.de\/wp-content\/uploads\/2023\/01\/ARTENREICH-2020-Kunstlerische-Interventionen-im-Naturhistorischen-Museum-Mainz-1-300x208.jpg 300w, https:\/\/www.akm-koblenz.de\/wp-content\/uploads\/2023\/01\/ARTENREICH-2020-Kunstlerische-Interventionen-im-Naturhistorischen-Museum-Mainz-1-768x531.jpg 768w, https:\/\/www.akm-koblenz.de\/wp-content\/uploads\/2023\/01\/ARTENREICH-2020-Kunstlerische-Interventionen-im-Naturhistorischen-Museum-Mainz-1-1536x1063.jpg 1536w, https:\/\/www.akm-koblenz.de\/wp-content\/uploads\/2023\/01\/ARTENREICH-2020-Kunstlerische-Interventionen-im-Naturhistorischen-Museum-Mainz-1-2048x1417.jpg 2048w\" sizes=\"auto, (max-width: 706px) 89vw, (max-width: 767px) 82vw, 740px\" \/><\/figure><\/div>\n\n\n\n<p class=\"has-text-align-center\">Naturalia Artistica, Installationsansicht, 2019, \u00dcbersee-Museum Bremen<\/p>\n\n\n\n<div class=\"wp-block-image\"><figure class=\"aligncenter size-large\"><img loading=\"lazy\" decoding=\"async\" width=\"1024\" height=\"684\" src=\"https:\/\/www.akm-koblenz.de\/wp-content\/uploads\/2023\/01\/Naturalia-Artistica-Installationsansicht-2019-Ubersee-Museum-Bremen-1024x684.jpg\" alt=\"\" class=\"wp-image-749\" srcset=\"https:\/\/www.akm-koblenz.de\/wp-content\/uploads\/2023\/01\/Naturalia-Artistica-Installationsansicht-2019-Ubersee-Museum-Bremen-1024x684.jpg 1024w, https:\/\/www.akm-koblenz.de\/wp-content\/uploads\/2023\/01\/Naturalia-Artistica-Installationsansicht-2019-Ubersee-Museum-Bremen-300x200.jpg 300w, https:\/\/www.akm-koblenz.de\/wp-content\/uploads\/2023\/01\/Naturalia-Artistica-Installationsansicht-2019-Ubersee-Museum-Bremen-768x513.jpg 768w, https:\/\/www.akm-koblenz.de\/wp-content\/uploads\/2023\/01\/Naturalia-Artistica-Installationsansicht-2019-Ubersee-Museum-Bremen-1536x1025.jpg 1536w, https:\/\/www.akm-koblenz.de\/wp-content\/uploads\/2023\/01\/Naturalia-Artistica-Installationsansicht-2019-Ubersee-Museum-Bremen-2048x1367.jpg 2048w\" sizes=\"auto, (max-width: 706px) 89vw, (max-width: 767px) 82vw, 740px\" \/><\/figure><\/div>\n\n\n\n<p class=\"has-text-align-center\">PREZIOSEN,Installationsansicht, 2016, R\u00f6mer- und Pelizaeus-Museum Hildesheim<\/p>\n\n\n\n<div class=\"wp-block-image\"><figure class=\"aligncenter size-large\"><img loading=\"lazy\" decoding=\"async\" width=\"1024\" height=\"684\" src=\"https:\/\/www.akm-koblenz.de\/wp-content\/uploads\/2023\/01\/PREZIOSENInstallationsansicht-2016-Romer-und-Pelizaeus-Museum-Hildesheim-1024x684.jpg\" alt=\"\" class=\"wp-image-751\" srcset=\"https:\/\/www.akm-koblenz.de\/wp-content\/uploads\/2023\/01\/PREZIOSENInstallationsansicht-2016-Romer-und-Pelizaeus-Museum-Hildesheim-1024x684.jpg 1024w, https:\/\/www.akm-koblenz.de\/wp-content\/uploads\/2023\/01\/PREZIOSENInstallationsansicht-2016-Romer-und-Pelizaeus-Museum-Hildesheim-300x200.jpg 300w, https:\/\/www.akm-koblenz.de\/wp-content\/uploads\/2023\/01\/PREZIOSENInstallationsansicht-2016-Romer-und-Pelizaeus-Museum-Hildesheim-768x513.jpg 768w, https:\/\/www.akm-koblenz.de\/wp-content\/uploads\/2023\/01\/PREZIOSENInstallationsansicht-2016-Romer-und-Pelizaeus-Museum-Hildesheim-1536x1025.jpg 1536w, https:\/\/www.akm-koblenz.de\/wp-content\/uploads\/2023\/01\/PREZIOSENInstallationsansicht-2016-Romer-und-Pelizaeus-Museum-Hildesheim-2048x1367.jpg 2048w\" sizes=\"auto, (max-width: 706px) 89vw, (max-width: 767px) 82vw, 740px\" \/><\/figure><\/div>\n","protected":false},"excerpt":{"rendered":"<p>1963 geboren in Bremen 1984 &#8211; 86 Studium Kunstp\u00e4dagogik Universit\u00e4t Bremen 1986 &#8211; 92 Studium Modedesign Hochschule f\u00fcr K\u00fcnste Bremen \/ Prof. Istvan Ekrich 1990 Auslandssemester Accademia di Belle Arti, Perugia \/ Italien 1992 &#8211; 2006 Auslandsaufenthalt Italien, Mercatale di Cortona \/ Arezzo STIPENDIEN \/ AUSZEICHNUNGEN 2021 Stipendium der Stiftung Kulturwerk im Rahmen von NEUSTART &hellip; <\/p>\n<p class=\"link-more\"><a href=\"https:\/\/www.akm-koblenz.de\/index.php\/mitglieder\/anja-schindler\/\" class=\"more-link\">Continue reading<span class=\"screen-reader-text\"> &#8220;ANJA SCHINDLER&#8221;<\/span><\/a><\/p>\n","protected":false},"author":1,"featured_media":0,"parent":92,"menu_order":0,"comment_status":"closed","ping_status":"closed","template":"","meta":{"footnotes":""},"class_list":["post-744","page","type-page","status-publish","hentry"],"_links":{"self":[{"href":"https:\/\/www.akm-koblenz.de\/index.php\/wp-json\/wp\/v2\/pages\/744","targetHints":{"allow":["GET"]}}],"collection":[{"href":"https:\/\/www.akm-koblenz.de\/index.php\/wp-json\/wp\/v2\/pages"}],"about":[{"href":"https:\/\/www.akm-koblenz.de\/index.php\/wp-json\/wp\/v2\/types\/page"}],"author":[{"embeddable":true,"href":"https:\/\/www.akm-koblenz.de\/index.php\/wp-json\/wp\/v2\/users\/1"}],"replies":[{"embeddable":true,"href":"https:\/\/www.akm-koblenz.de\/index.php\/wp-json\/wp\/v2\/comments?post=744"}],"version-history":[{"count":5,"href":"https:\/\/www.akm-koblenz.de\/index.php\/wp-json\/wp\/v2\/pages\/744\/revisions"}],"predecessor-version":[{"id":759,"href":"https:\/\/www.akm-koblenz.de\/index.php\/wp-json\/wp\/v2\/pages\/744\/revisions\/759"}],"up":[{"embeddable":true,"href":"https:\/\/www.akm-koblenz.de\/index.php\/wp-json\/wp\/v2\/pages\/92"}],"wp:attachment":[{"href":"https:\/\/www.akm-koblenz.de\/index.php\/wp-json\/wp\/v2\/media?parent=744"}],"curies":[{"name":"wp","href":"https:\/\/api.w.org\/{rel}","templated":true}]}}