{"id":577,"date":"2022-05-01T08:30:57","date_gmt":"2022-05-01T07:30:57","guid":{"rendered":"https:\/\/www.akm-koblenz.de\/?page_id=577"},"modified":"2022-05-01T08:30:57","modified_gmt":"2022-05-01T07:30:57","slug":"nicolaus-werner","status":"publish","type":"page","link":"https:\/\/www.akm-koblenz.de\/index.php\/mitglieder\/nicolaus-werner\/","title":{"rendered":"NICOLAUS WERNER"},"content":{"rendered":"\n<div class=\"wp-block-columns is-layout-flex wp-container-core-columns-is-layout-1 wp-block-columns-is-layout-flex\">\n<div class=\"wp-block-column is-layout-flow wp-block-column-is-layout-flow\" style=\"flex-basis:66.66%\">\n<figure class=\"wp-block-table is-style-stripes\"><table><tbody><tr><td>1943<\/td><td>geboren in Kirberg, Kreis Limburg Lahn<\/td><\/tr><tr><td>1963 &#8211; 1969<\/td><td>Abitur, Studium der Philosophie, Geographie, Kunstgeschichte<br>und Kunsterziehung, Johannes Gutenberg-Universit\u00e4t Mainz<\/td><\/tr><tr><td>1997<\/td><td>Arbeit mit und bei Maria Fishan und Johan Lorbeer<\/td><\/tr><tr><td>2001 + 2003<\/td><td>Performance bei Marina Abramovic, Bundesakademie<br>Wolfenb\u00fcttel und HBK Braunschweig<\/td><\/tr><tr><td>2004<\/td><td>Performance bei Jan Fabre, Sommerakademie Salzburg<\/td><\/tr><tr><td>Seit 2007<\/td><td>freischaffend<\/td><\/tr><tr><td>&nbsp;<\/td><td>Arbeitsaufenthalte in Paris<\/td><\/tr><tr><td>&nbsp;<\/td><td>Umzug nach Wiesbaden und Atelier in Mainz<\/td><\/tr><\/tbody><\/table><\/figure>\n<\/div>\n\n\n\n<div class=\"wp-block-column is-layout-flow wp-block-column-is-layout-flow\" style=\"flex-basis:33.33%\">\n<figure class=\"wp-block-image size-full\"><img loading=\"lazy\" decoding=\"async\" width=\"591\" height=\"592\" src=\"https:\/\/www.akm-koblenz.de\/wp-content\/uploads\/2022\/05\/werner.jpg\" alt=\"\" class=\"wp-image-578\" srcset=\"https:\/\/www.akm-koblenz.de\/wp-content\/uploads\/2022\/05\/werner.jpg 591w, https:\/\/www.akm-koblenz.de\/wp-content\/uploads\/2022\/05\/werner-300x300.jpg 300w, https:\/\/www.akm-koblenz.de\/wp-content\/uploads\/2022\/05\/werner-200x200.jpg 200w, https:\/\/www.akm-koblenz.de\/wp-content\/uploads\/2022\/05\/werner-100x100.jpg 100w\" sizes=\"auto, (max-width: 591px) 100vw, 591px\" \/><\/figure>\n<\/div>\n<\/div>\n\n\n\n<h2 class=\"wp-block-heading\">Stipendium<\/h2>\n\n\n\n<figure class=\"wp-block-table is-style-stripes\"><table><tbody><tr><td>2005<\/td><td>Sommerakademie Salzburg<\/td><\/tr><tr><td>1998<\/td><td>Einzelg\u00e4nger bei Marie-Jo Lafontaine, Bundesakademie Wolfenb\u00fcttel<\/td><\/tr><\/tbody><\/table><\/figure>\n\n\n\n<h2 class=\"wp-block-heading\">Mitgliedschaften<\/h2>\n\n\n\n<figure class=\"wp-block-table is-style-stripes\"><table><tbody><tr><td>seit 1994<\/td><td>BBK, Berufsverband Bildender K\u00fcnstler<\/td><\/tr><tr><td>seit 2010<\/td><td>AKM, Arbeitsgemeinschaft bildender K\u00fcnstler am Mittelrhein, Koblenz<\/td><\/tr><\/tbody><\/table><\/figure>\n\n\n\n<h2 class=\"wp-block-heading\">Installationen<\/h2>\n\n\n\n<figure class=\"wp-block-table is-style-stripes\"><table><tbody><tr><td>2018<\/td><td>TAU, Bergkirche<br>FLUGVERBOT F\u00dcR TAUBE, Festungskirche Koblenz Ehrenbreitstein<\/td><\/tr><tr><td>2017<\/td><td>CORRIGER LA NATURE, Video, Stadtgalerie Neuwied<\/td><\/tr><tr><td>2013<\/td><td>ARBEITsWEISE, Kunsthaus Wiesbaden<\/td><\/tr><tr><td>2012<\/td><td>ZW\u00d6LF UND EINS in der Herz-Jesu-Kirche, Koblenz<br>zum Aschermittwoch der K\u00fcnstler, AKM K\u00fcnstlerhaus Koblenz<br>18 KANOPEN F\u00dcR ULYSSES UND JAMES JOYCE<br>ZUM BLOOMSDAY, Mainzer Museumsnacht<\/td><\/tr><tr><td>2010<\/td><td>RHEINTEPPICH, st\u00e4dt. Galerie Mennonitenkirche<br>VERTEIDIGE DEN HIMALAJA UND EROBERE DEN KILIMANDSCHARO<br>Gew\u00f6lbekeller im Alten Zollhof, Wiesbaden Biebrich<\/td><\/tr><tr><td>2009<\/td><td>WAS DENN DIE SEELE SEI&#8230; zum Aschermittwoch der K\u00fcnstler,<br>AKM K\u00fcnstlerhaus Metternich, Koblenz<\/td><\/tr><tr><td>2002<\/td><td>PANORAMA, Abteikirche Rommersdorf bei Neuwied<\/td><\/tr><tr><td>2000<\/td><td>ANA CHRON, Abteikirche Rommersdorf bei Neuwied<\/td><\/tr><\/tbody><\/table><\/figure>\n\n\n\n<h2 class=\"wp-block-heading\">Performance<\/h2>\n\n\n\n<figure class=\"wp-block-table is-style-stripes\"><table><tbody><tr><td>2020<\/td><td>AUS und JA + NEIN = SEIN, Museumsnacht Koblenz AKM<\/td><\/tr><tr><td>2019<\/td><td>VERZEIcHneT, Klosterpresse Frankfurt<br>JA &#8211; ABER, Performance bei St\u00fccke &amp; Schnittchen, Kulturb\u00e4ckerei Mainz<\/td><\/tr><tr><td>2018<\/td><td>Worte, fadengeheftet und aufgeschnitten (Ausstellung HEFTE und Performance), Mainzer B\u00fcchermesse<\/td><\/tr><tr><td>2013<\/td><td>JE RESPIRERAI JUSQU&#8217;A CE QUE JE TROUVE MON AME&#8230;,<br>Er\u00f6ffnungsperformance bei der 4\u00e8me Biennale Internationale<br>des Livres d\u2019ARTISTES \u00e0 Dives-Sur-Mer, Normandie (F)<br>INCLUSION, offenes Atelier<br>WHISTLEBLOWING, Mainzer Museumsnacht<\/td><\/tr><tr><td>2011<\/td><td>TINCTUR, Mainzer Museumsnacht<\/td><\/tr><tr><td>2010<\/td><td>DADURCH, Alter ZollHof, Wiesbaden &#8211; Biebrich<\/td><\/tr><tr><td>2005<\/td><td>STOFF, Installation und Performance zu einer Karfreitags -Predigt<br>meines Gro\u00dfvaters am Karfreitag, Kunsthaus, Wiesbaden<\/td><\/tr><tr><td>2004<\/td><td>DASS ICH MIT FL\u00dcGELN&#8230;Kleist-Performance, Festungskirche, Ehrenbreitstein<br>DASS ICH MIT FL\u00dcGELN&#8230; Kleist-Performance, Garnisonkirche Festung Ehrenbreitstein<br>ICH SCHLAGE MICH MIT NESSELN&#8230; Klasse Jan Fabre, Salzburg<\/td><\/tr><tr><td>2000<\/td><td>FUSSQUADRAT bei Marina Abramovic an der HBK Braunschweig<br>FAST FOOD FAUST, R\u00f6ntgenmuseum Neuwied<\/td><\/tr><\/tbody><\/table><\/figure>\n\n\n\n<h2 class=\"wp-block-heading\">Malerei und Zeichnung<\/h2>\n\n\n\n<figure class=\"wp-block-table is-style-stripes\"><table><tbody><tr><td>2020<\/td><td>TURIN SEDIMENATIONEN, Aschermittwoch der K\u00fcnste, AKM Koblenz<br>(AUS)LEGUNG-(AUGEN)WEIDE, St. Gertrud, K\u00f6ln<\/td><\/tr><tr><td>2018<\/td><td>RIMBAUD_Le Tour du Monde en Bateau Ivre \u2013 L&#8217;ancrage \u00e0 Charleville M\u00e9zi\u00e8res<\/td><\/tr><tr><td>2017<\/td><td>LES CAHIERS, Espace Despalles, Paris<br>LESESAAL, Museum im Wehener Schloss<br>Rimbaud_BATEAU IVR, Gutenberg Museum Mainz \/ Mons \/Br\u00fcgge<\/td><\/tr><tr><td>2016<\/td><td>DIE REISE, AKM, Koblenz<\/td><\/tr><tr><td>2015<\/td><td>GNOSIS, Gem\u00e4lde in der Florinskirche, Koblenz<\/td><\/tr><tr><td>2013<\/td><td>ARBEITsWEISE, die gro\u00dfen Aquarelle, Kunsthaus Wiesbaden<br>\u00dcBERLAGERUNGEN, Museum im Wehener Schloss<\/td><\/tr><tr><td>2007<\/td><td>KOMMEN_GEHEN, Arbeiten auf Papier 1980-2007, Kreishaus Neuwied<\/td><\/tr><tr><td>2004<\/td><td>GR\u00dcN, GELB, ROT, Bestandsaufnahme 1995-2004, R\u00f6ntgenmuseum Neuwied<\/td><\/tr><tr><td>2002<\/td><td>BILDER, Galerie Laik, Koblenz<\/td><\/tr><tr><td>seit 2007<\/td><td>Teilnahme an den Jahresausstellungen form+farbe und Aschermittwoch der K\u00fcnstler,<br>AKM K\u00fcnstlerhaus Metternich, Koblenz<\/td><\/tr><\/tbody><\/table><\/figure>\n\n\n\n<h2 class=\"wp-block-heading\">Lebt und arbeitet in:<\/h2>\n\n\n\n<p>Friesenweg 7 \u2022 65187 Wiesbaden<br>Tel.: 0611- 84 4414<br>Mobil: 0157 &#8211; 6064249<br>Atelier: Schie\u00dfgartenstra\u00dfe 10a \/ Eingang Ecke Stiftsstra\u00dfe<br>55116 Mainz<br>nicolauswerner@web.de<br>www.nicolauswerner.de<\/p>\n\n\n\n<p class=\"has-text-align-center\">Zeichnung 2019, 65 x 50 cm<\/p>\n\n\n\n<div class=\"wp-block-image\"><figure class=\"aligncenter size-full is-resized\"><img decoding=\"async\" src=\"https:\/\/www.akm-koblenz.de\/wp-content\/uploads\/2022\/05\/1-10.jpg\" alt=\"\" class=\"wp-image-579\" width=\"400\" srcset=\"https:\/\/www.akm-koblenz.de\/wp-content\/uploads\/2022\/05\/1-10.jpg 738w, https:\/\/www.akm-koblenz.de\/wp-content\/uploads\/2022\/05\/1-10-231x300.jpg 231w\" sizes=\"(max-width: 738px) 100vw, 738px\" \/><\/figure><\/div>\n\n\n\n<p class=\"has-text-align-center\">aus GLUT 2018, \u00d6l auf Maltuch, 130 x 90 cm<\/p>\n\n\n\n<div class=\"wp-block-image\"><figure class=\"aligncenter size-full is-resized\"><img decoding=\"async\" src=\"https:\/\/www.akm-koblenz.de\/wp-content\/uploads\/2022\/05\/2-10.jpg\" alt=\"\" class=\"wp-image-580\" width=\"400\" srcset=\"https:\/\/www.akm-koblenz.de\/wp-content\/uploads\/2022\/05\/2-10.jpg 665w, https:\/\/www.akm-koblenz.de\/wp-content\/uploads\/2022\/05\/2-10-208x300.jpg 208w\" sizes=\"(max-width: 665px) 100vw, 665px\" \/><\/figure><\/div>\n\n\n\n<p class=\"has-text-align-center\">Ort f\u00fcr die Anderen 2016<\/p>\n\n\n\n<div class=\"wp-block-image\"><figure class=\"aligncenter size-full is-resized\"><img decoding=\"async\" src=\"https:\/\/www.akm-koblenz.de\/wp-content\/uploads\/2022\/05\/3-10.jpg\" alt=\"\" class=\"wp-image-581\" width=\"400\" srcset=\"https:\/\/www.akm-koblenz.de\/wp-content\/uploads\/2022\/05\/3-10.jpg 720w, https:\/\/www.akm-koblenz.de\/wp-content\/uploads\/2022\/05\/3-10-225x300.jpg 225w\" sizes=\"(max-width: 720px) 100vw, 720px\" \/><\/figure><\/div>\n","protected":false},"excerpt":{"rendered":"<p>1943 geboren in Kirberg, Kreis Limburg Lahn 1963 &#8211; 1969 Abitur, Studium der Philosophie, Geographie, Kunstgeschichteund Kunsterziehung, Johannes Gutenberg-Universit\u00e4t Mainz 1997 Arbeit mit und bei Maria Fishan und Johan Lorbeer 2001 + 2003 Performance bei Marina Abramovic, BundesakademieWolfenb\u00fcttel und HBK Braunschweig 2004 Performance bei Jan Fabre, Sommerakademie Salzburg Seit 2007 freischaffend &nbsp; Arbeitsaufenthalte in Paris &hellip; <\/p>\n<p class=\"link-more\"><a href=\"https:\/\/www.akm-koblenz.de\/index.php\/mitglieder\/nicolaus-werner\/\" class=\"more-link\">Continue reading<span class=\"screen-reader-text\"> &#8220;NICOLAUS WERNER&#8221;<\/span><\/a><\/p>\n","protected":false},"author":1,"featured_media":0,"parent":92,"menu_order":0,"comment_status":"closed","ping_status":"closed","template":"","meta":{"footnotes":""},"class_list":["post-577","page","type-page","status-publish","hentry"],"_links":{"self":[{"href":"https:\/\/www.akm-koblenz.de\/index.php\/wp-json\/wp\/v2\/pages\/577","targetHints":{"allow":["GET"]}}],"collection":[{"href":"https:\/\/www.akm-koblenz.de\/index.php\/wp-json\/wp\/v2\/pages"}],"about":[{"href":"https:\/\/www.akm-koblenz.de\/index.php\/wp-json\/wp\/v2\/types\/page"}],"author":[{"embeddable":true,"href":"https:\/\/www.akm-koblenz.de\/index.php\/wp-json\/wp\/v2\/users\/1"}],"replies":[{"embeddable":true,"href":"https:\/\/www.akm-koblenz.de\/index.php\/wp-json\/wp\/v2\/comments?post=577"}],"version-history":[{"count":1,"href":"https:\/\/www.akm-koblenz.de\/index.php\/wp-json\/wp\/v2\/pages\/577\/revisions"}],"predecessor-version":[{"id":582,"href":"https:\/\/www.akm-koblenz.de\/index.php\/wp-json\/wp\/v2\/pages\/577\/revisions\/582"}],"up":[{"embeddable":true,"href":"https:\/\/www.akm-koblenz.de\/index.php\/wp-json\/wp\/v2\/pages\/92"}],"wp:attachment":[{"href":"https:\/\/www.akm-koblenz.de\/index.php\/wp-json\/wp\/v2\/media?parent=577"}],"curies":[{"name":"wp","href":"https:\/\/api.w.org\/{rel}","templated":true}]}}