{"id":568,"date":"2022-05-01T08:18:13","date_gmt":"2022-05-01T07:18:13","guid":{"rendered":"https:\/\/www.akm-koblenz.de\/?page_id=568"},"modified":"2022-05-01T08:25:28","modified_gmt":"2022-05-01T07:25:28","slug":"irmgard-weber","status":"publish","type":"page","link":"https:\/\/www.akm-koblenz.de\/index.php\/mitglieder\/irmgard-weber\/","title":{"rendered":"IRMGARD WEBER"},"content":{"rendered":"\n<div class=\"wp-block-columns is-layout-flex wp-container-core-columns-is-layout-1 wp-block-columns-is-layout-flex\">\n<div class=\"wp-block-column is-layout-flow wp-block-column-is-layout-flow\" style=\"flex-basis:66.66%\">\n<figure class=\"wp-block-table is-style-stripes\"><table><tbody><tr><td>1949<\/td><td>geboren in Sch\u00f6ndorf bei Trier<\/td><\/tr><tr><td>1988<\/td><td>Ramboux-Preis f\u00fcr Malerei der Stadt Trier<\/td><\/tr><tr><td>1994<\/td><td>deutsch-russischer K\u00fcnstleraustausch, Moskau<\/td><\/tr><tr><td>1995<\/td><td>Reisestipendium der August-M\u00fcller-Stiftung RLP<\/td><\/tr><tr><td>1999<\/td><td>Nominierung Kunstpreis Robert-Schumann<\/td><\/tr><tr><td>2009<\/td><td>Norwegenstipendium Oslo und Misterdalen<\/td><\/tr><tr><td>2011<\/td><td>Studienreise nach New York , Arbeitsaufenthalt in Beverly Farm, Neuengland<\/td><\/tr><tr><td>2012\/13<\/td><td>Arbeitsaufenthalte in Island.<\/td><\/tr><\/tbody><\/table><\/figure>\n<\/div>\n\n\n\n<div class=\"wp-block-column is-layout-flow wp-block-column-is-layout-flow\" style=\"flex-basis:33.33%\">\n<figure class=\"wp-block-image size-full\"><img loading=\"lazy\" decoding=\"async\" width=\"832\" height=\"960\" src=\"https:\/\/www.akm-koblenz.de\/wp-content\/uploads\/2022\/05\/weber.jpg\" alt=\"\" class=\"wp-image-569\" srcset=\"https:\/\/www.akm-koblenz.de\/wp-content\/uploads\/2022\/05\/weber.jpg 832w, https:\/\/www.akm-koblenz.de\/wp-content\/uploads\/2022\/05\/weber-260x300.jpg 260w, https:\/\/www.akm-koblenz.de\/wp-content\/uploads\/2022\/05\/weber-768x886.jpg 768w\" sizes=\"auto, (max-width: 706px) 89vw, (max-width: 767px) 82vw, 740px\" \/><\/figure>\n<\/div>\n<\/div>\n\n\n\n<h2 class=\"wp-block-heading\">Mitgliedschaften<\/h2>\n\n\n\n<p>Gesellschaft f\u00fcr Bildende Kunst ,Trier<br>Kunstverein Trier Junge Kunst, Trier<br>Berufsverband Bildender K\u00fcnstler, Rheinland-Pfalz<br>Arbeitsgemeinschaft Pf\u00e4lzer K\u00fcnstler<br>Arbeitsgemeinschaft bildender K\u00fcnstler am Mittelrhein e.V. &#8211; AKM<\/p>\n\n\n\n<h2 class=\"wp-block-heading\">Lebt und arbeitet in:<\/h2>\n\n\n\n<p>Kanzelstr. 8<br>Pirmasens 66955<br>06331 219388\u202c<\/p>\n\n\n\n<p>atelier@irmgard-weber.de<br>www.irmgard-weber.de<\/p>\n\n\n\n<h2 class=\"wp-block-heading\">Einzelausstellungen (E) und Ausstellungsbeteiligungen ab 2010 (Auswahl)<\/h2>\n\n\n\n<figure class=\"wp-block-table is-style-stripes\"><table><tbody><tr><td>2019<\/td><td>\u201eBegr\u00fcnung Blau\u201c, Kunstraum Westpfalz, Kaiserslautern (E)<br>AsPeKte, APK , Kunstverein u. St\u00e4dtische Galerie, Speyer<br>Jahresausstellung G.B. Kunst, Tufa Trier<br>\u201eTransposition 2\u201c, Saarl\u00e4ndisches K\u00fcnstlerhaus, Saarbr\u00fccken (Katalog)<br>Aschermittwoch der K\u00fcnstler, AKM,K\u00fcnstlerhaus Metternich, Koblenz<br>\u201eAdhoc V\u201c, 5 Kunstvereine stellen gemeinsam aus, Tufa, Trier<br>\u201eAus der Farbe x zwei\u201c, (mit A. Nickel), Museum Pachen, Rockenhausen (E)<br>\u201eform + farbe 2019\u201c AKM, Metternichhaus, Koblenz (Katalog)<\/td><\/tr><tr><td>2018<\/td><td>\u201eLandgang u. Luftsprung\u201c (mit M. Strugalla), Kunstraum Vincke-Liepmann, Heidelberg (E)<br>Jahresausstellung der G.B. Kunst, Tufa, Trier<br>\u201eAlte Meister\u201c, G.B. Kunst, Galerie Palais Walderdorff, Trier<br>Ausstellung zum Pfalzpreis f\u00fcr Malerei, Museum Pfalzgalerie, Kaiserslautern (Katalog)<br>\u201eNah am Wasser\u201c, NeuN +, Kunstzentrum Bosener M\u00fchle, Bosen<br>\u201eZerrei\u00dfprobe\u201c, APK , Kunsthaus Frankenthal<br>\u201eLandgang u Luftsprung\u201c (mit M. Strugalla), Forum ALTE POST, Pirmasens (Katalog) (E)<\/td><\/tr><tr><td>2017<\/td><td>\u201eKonzept Malerei\u201c , Tufa Trier<br>\u201eMensch u. Natur\u201c, Kunstverein Hockenheim<br>\u201eMagazin kleiner Formate\u201c, Kunstzentrum Bosener M\u00fchle, Bosen<br>\u201eGanz Gross\u201c, APK, Herrenhof, Mu\u00dfbach Neustadt<br>\u201eMiniMal\u201c, G.B. Kunst, Galerie Palais Walderdorff,Trier<br>Albert &#8211; Hauseisen &#8211; Preis, Zehntscheune, Jockgrim<\/td><\/tr><tr><td>2016<\/td><td>\u201eDen Unsinn bevorzuge ich\u201c,100 Jahre Dada, Parkkino, Pirmasens<br>\u201eFrauenbilder und K\u00fcnstlerinnen\u201c, aus der Sammlung, Stadtmuseum Simeonstift, Trier<br>\u201eElement und Gestus\u201c (mit S.Forler), Landtag, Mainz (E)<br>\u201eLandgang\u201c, Kreisgalerie Dahn (E)<br>\u201eWer`s glaubt wird selig\u201c, \u00d6kumenisches Gemeindezentrum Pilgerpfad, Frankenthal<br>\u201ePerron &#8211; Kunst &#8211; Preis\u201c, der Stadt Frankenthal, Frankenthal<br>\u201eKleine Gr\u00f6ssen\u201c, APK, Museum Pachen, Rockenhausen<br>\u201eNERO = ICH\u201c, G.B. Kunst ,Palais Walderdorff, Trier<br>Jahresausstellung, G.B. Kunst, Tufa, Trier<\/td><\/tr><tr><td>2015<\/td><td>\u201eWerden. Wachsen. Wuchern\u201c. Villa Streccius, Landau (Katalog)<br>Grafik und Kleinplastik, APK,Kunsthaus, Frankenthal<br>\u201eAnderswo\u201c, St\u00e4dtische Galerie Blieskastel (E)<br>Jahresausstellung G.B. Kunst, Tufa, Trier<\/td><\/tr><tr><td>2014<\/td><td>St\u00e4dtische Galerie Kloster Karthaus, Konz (E)<br>Jahresausstellung G.B.Kunst, Tufa, Trier<br>Grosse Ausstellung NRW, D\u00fcsseldorf (Katalog)<br>Mail-Art Projekt Zeitgleich-Zeitzeichen, BBK-Galerie, Mainz<br>\u201eLandgang u.Luftsprung\u201c, Collegium Oecumenicum (mit M. Strugalla) Bamberg<\/td><\/tr><tr><td>2013<\/td><td>Grosse Kunstausstellung NRW, Kunstpalast, D\u00fcsseldorf (Katalog)<br>\u201eLand.Gew\u00e4sser\u201c, Stadtmuseum, Beckum (Katalog) (E)<br>Galerie Kunstraum Vincke-Liepmann, Heidelberg (Katalog) (E)<br>\u201eK\u00fcnstlerpaare\u201c , AKM Haus Metternich, Koblenz<br>Albert &#8211; Hauseisen &#8211; Preis, Zehnzscheune , Jockgrim<br>\u201eMut zur L\u00fccke\u201c, G.B.Kunst, Galerie Palais Walderdorff, Trier<br>\u201eneuN\u201c Kunst an der Plakatwand, Strecktalpark, Pirmasens<br>\u201eKunst im Gew\u00f6lbe\u201c, Zeughaus, Kunstverein Germersheim<br>\u201eAd Hoc 3\u201c Kunstverein Junge Kunst Trier, Tufa , Trier<\/td><\/tr><tr><td>2012<\/td><td>\u201eAn -Denken\/ Erinnerungsst\u00fccke\u201c, G.B.Kunst, Galerie Palais Walderdorff,Trier<br>\u201eLand. Gew\u00e4sser\u201c, Galerie am Pavillon, Saarbr\u00fccken (E)<br>90 Jahre Arbeitsgemeinschaft Pf\u00e4lzer K\u00fcnstler (APK) Herrenhof , Mu\u00dfbach (Katalog)<br>\u201eNatur Mensch 2012\u201c , St. Andreasberg\/Harz (Katalog)<\/td><\/tr><tr><td>2011<\/td><td>\u201eBestimmt Natur\u201c, G.B.Kunst, Galerie Palais Walderdorff , Trier (E)<br>Arbeitsgemeinschaft Pf\u00e4lzer K\u00fcnstler (APK) Zehnthaus, Jockgrim<br>\u201eMail Art\u201c , Tufa ,Trier (Katalog)<br>Bienale d`art Contemporain Strassen, Luxembourg (Katalog)<\/td><\/tr><tr><td>2010<\/td><td>\u201eAngezettelt\u201c, Jubil\u00e4umsausstellung, Saarl\u00e4ndisches K\u00fcnstlerhaus Saarbr\u00fccken (Katalog)<br>\u201eIndustrie und Kunst\u201c ,ZF Sachs AG, Schweinfurt<br>\u201eInterferenzen\u201c , Villa Streccius, Landau<br>\u201eIm Gel\u00e4nde\u201c Kreisgalerie, Dann (E)<br>100 Jahre Galerie F.A.C. Prestel, Frankfurt \/ Main (Katalog)<br>Zeitgleich &#8211; \u201eKunst Ma(h)l Politik\u201c, Alte Post, Pirmasens (Katalog)<br>\u201eGr\u00fcnland\u201c, Galerie F.A.C.Prestel, Frankfurt \/ Main (E)<\/td><\/tr><\/tbody><\/table><\/figure>\n\n\n\n<p class=\"has-text-align-center\"><strong>Im Dickicht, 2015<br>200&#215;160 cm, Acryl auf Leinwand.<\/strong><\/p>\n\n\n\n<div class=\"wp-block-image\"><figure class=\"aligncenter size-full\"><img loading=\"lazy\" decoding=\"async\" width=\"759\" height=\"960\" src=\"https:\/\/www.akm-koblenz.de\/wp-content\/uploads\/2022\/05\/1-9.jpg\" alt=\"\" class=\"wp-image-570\" srcset=\"https:\/\/www.akm-koblenz.de\/wp-content\/uploads\/2022\/05\/1-9.jpg 759w, https:\/\/www.akm-koblenz.de\/wp-content\/uploads\/2022\/05\/1-9-237x300.jpg 237w\" sizes=\"auto, (max-width: 706px) 89vw, (max-width: 767px) 82vw, 740px\" \/><\/figure><\/div>\n\n\n\n<p class=\"has-text-align-center\">Das Blaue vom Himmel, 2017<br>150 x 180 cm, Acryl auf Leinwand.<\/p>\n\n\n\n<div class=\"wp-block-image\"><figure class=\"aligncenter size-full\"><img loading=\"lazy\" decoding=\"async\" width=\"960\" height=\"801\" src=\"https:\/\/www.akm-koblenz.de\/wp-content\/uploads\/2022\/05\/2-9.jpg\" alt=\"\" class=\"wp-image-571\" srcset=\"https:\/\/www.akm-koblenz.de\/wp-content\/uploads\/2022\/05\/2-9.jpg 960w, https:\/\/www.akm-koblenz.de\/wp-content\/uploads\/2022\/05\/2-9-300x250.jpg 300w, https:\/\/www.akm-koblenz.de\/wp-content\/uploads\/2022\/05\/2-9-768x641.jpg 768w\" sizes=\"auto, (max-width: 706px) 89vw, (max-width: 767px) 82vw, 740px\" \/><\/figure><\/div>\n\n\n\n<p class=\"has-text-align-center\">Seltenes Licht, 2018<br>180 x 160cm, Acryl auf Leinwand.<\/p>\n\n\n\n<div class=\"wp-block-image\"><figure class=\"aligncenter size-full\"><img loading=\"lazy\" decoding=\"async\" width=\"853\" height=\"960\" src=\"https:\/\/www.akm-koblenz.de\/wp-content\/uploads\/2022\/05\/3-9.jpg\" alt=\"\" class=\"wp-image-572\" srcset=\"https:\/\/www.akm-koblenz.de\/wp-content\/uploads\/2022\/05\/3-9.jpg 853w, https:\/\/www.akm-koblenz.de\/wp-content\/uploads\/2022\/05\/3-9-267x300.jpg 267w, https:\/\/www.akm-koblenz.de\/wp-content\/uploads\/2022\/05\/3-9-768x864.jpg 768w\" sizes=\"auto, (max-width: 706px) 89vw, (max-width: 767px) 82vw, 740px\" \/><\/figure><\/div>\n","protected":false},"excerpt":{"rendered":"<p>1949 geboren in Sch\u00f6ndorf bei Trier 1988 Ramboux-Preis f\u00fcr Malerei der Stadt Trier 1994 deutsch-russischer K\u00fcnstleraustausch, Moskau 1995 Reisestipendium der August-M\u00fcller-Stiftung RLP 1999 Nominierung Kunstpreis Robert-Schumann 2009 Norwegenstipendium Oslo und Misterdalen 2011 Studienreise nach New York , Arbeitsaufenthalt in Beverly Farm, Neuengland 2012\/13 Arbeitsaufenthalte in Island. Mitgliedschaften Gesellschaft f\u00fcr Bildende Kunst ,TrierKunstverein Trier Junge Kunst, &hellip; <\/p>\n<p class=\"link-more\"><a href=\"https:\/\/www.akm-koblenz.de\/index.php\/mitglieder\/irmgard-weber\/\" class=\"more-link\">Continue reading<span class=\"screen-reader-text\"> &#8220;IRMGARD WEBER&#8221;<\/span><\/a><\/p>\n","protected":false},"author":1,"featured_media":0,"parent":92,"menu_order":0,"comment_status":"closed","ping_status":"closed","template":"","meta":{"footnotes":""},"class_list":["post-568","page","type-page","status-publish","hentry"],"_links":{"self":[{"href":"https:\/\/www.akm-koblenz.de\/index.php\/wp-json\/wp\/v2\/pages\/568","targetHints":{"allow":["GET"]}}],"collection":[{"href":"https:\/\/www.akm-koblenz.de\/index.php\/wp-json\/wp\/v2\/pages"}],"about":[{"href":"https:\/\/www.akm-koblenz.de\/index.php\/wp-json\/wp\/v2\/types\/page"}],"author":[{"embeddable":true,"href":"https:\/\/www.akm-koblenz.de\/index.php\/wp-json\/wp\/v2\/users\/1"}],"replies":[{"embeddable":true,"href":"https:\/\/www.akm-koblenz.de\/index.php\/wp-json\/wp\/v2\/comments?post=568"}],"version-history":[{"count":2,"href":"https:\/\/www.akm-koblenz.de\/index.php\/wp-json\/wp\/v2\/pages\/568\/revisions"}],"predecessor-version":[{"id":576,"href":"https:\/\/www.akm-koblenz.de\/index.php\/wp-json\/wp\/v2\/pages\/568\/revisions\/576"}],"up":[{"embeddable":true,"href":"https:\/\/www.akm-koblenz.de\/index.php\/wp-json\/wp\/v2\/pages\/92"}],"wp:attachment":[{"href":"https:\/\/www.akm-koblenz.de\/index.php\/wp-json\/wp\/v2\/media?parent=568"}],"curies":[{"name":"wp","href":"https:\/\/api.w.org\/{rel}","templated":true}]}}