{"id":511,"date":"2022-05-01T07:28:19","date_gmt":"2022-05-01T06:28:19","guid":{"rendered":"https:\/\/www.akm-koblenz.de\/?page_id=511"},"modified":"2022-05-01T07:28:19","modified_gmt":"2022-05-01T06:28:19","slug":"kyra-spieker","status":"publish","type":"page","link":"https:\/\/www.akm-koblenz.de\/index.php\/mitglieder\/kyra-spieker\/","title":{"rendered":"KYRA SPIEKER"},"content":{"rendered":"\n<div class=\"wp-block-columns is-layout-flex wp-container-core-columns-is-layout-1 wp-block-columns-is-layout-flex\">\n<div class=\"wp-block-column is-layout-flow wp-block-column-is-layout-flow\" style=\"flex-basis:66.66%\">\n<figure class=\"wp-block-table is-style-stripes\"><table><tbody><tr><td>1957<\/td><td>geboren in Schiltach<\/td><\/tr><tr><td>1980 &#8211; 1983<\/td><td>Studium an der Fachschule f\u00fcr Keramikgestaltung, H\u00f6hr-Grenzhausen<\/td><\/tr><tr><td>1990 &#8211; 1997<\/td><td>Lehrauftrag an der Johannes -Gutenberg -Universit\u00e4t Mainz<\/td><\/tr><tr><td>1996 &#8211; 1999<\/td><td>Studium an der Johannes -Gutenberg-Universit\u00e4t Mainz<br>Fachbereich Bildende Kunst bei Prof. Volker Ellwanger<\/td><\/tr><tr><td>1990<br>seit 2007<br><\/td><td>berufen in die Acad\u00e9mie Internationale de la C\u00e9ramique, Genf<br>Mitglied im Gestaltungsrat der landeskirchlichen Bauberatung der<br>Evangelischen Kirche im Rheinland, D\u00fcsseldorf<\/td><\/tr><\/tbody><\/table><\/figure>\n<\/div>\n\n\n\n<div class=\"wp-block-column is-layout-flow wp-block-column-is-layout-flow\" style=\"flex-basis:33.33%\">\n<figure class=\"wp-block-image size-full\"><img loading=\"lazy\" decoding=\"async\" width=\"300\" height=\"300\" src=\"https:\/\/www.akm-koblenz.de\/wp-content\/uploads\/2022\/05\/spieker.jpg\" alt=\"\" class=\"wp-image-512\" srcset=\"https:\/\/www.akm-koblenz.de\/wp-content\/uploads\/2022\/05\/spieker.jpg 300w, https:\/\/www.akm-koblenz.de\/wp-content\/uploads\/2022\/05\/spieker-200x200.jpg 200w, https:\/\/www.akm-koblenz.de\/wp-content\/uploads\/2022\/05\/spieker-100x100.jpg 100w\" sizes=\"auto, (max-width: 300px) 100vw, 300px\" \/><\/figure>\n<\/div>\n<\/div>\n\n\n\n<h2 class=\"wp-block-heading\">Studien \u2013 und Arbeitsaufenthalte<\/h2>\n\n\n\n<figure class=\"wp-block-table is-style-stripes\"><table><tbody><tr><td>1991<\/td><td>Ceramic Plein-Air, Walbrzych, Polen<\/td><\/tr><tr><td>1992<\/td><td>Intn.Symposium of Ceramics, Bechyne, Tschechische Republik<\/td><\/tr><tr><td>2010<\/td><td>ArctiClay, Posio, Finnland<\/td><\/tr><tr><td>2011<\/td><td>International Ceramic Art Symposium, R\u00f6mhild (Th\u00fcringen)<\/td><\/tr><tr><td>2016<\/td><td>Studienreise nach Japan<\/td><\/tr><\/tbody><\/table><\/figure>\n\n\n\n<h2 class=\"wp-block-heading\">Kunstpreise und Stipendien<\/h2>\n\n\n\n<figure class=\"wp-block-table is-style-stripes\"><table><tbody><tr><td>2009<\/td><td>August M\u00fcller Stiftung<\/td><\/tr><tr><td>1998<\/td><td>Burgund-Stipendium des Kultusministeriums Rheinland-Pfalz<\/td><\/tr><tr><td>1990<\/td><td>Lincoln -Stipendium des Kultusministeriums Rheinland-Pfalz<\/td><\/tr><tr><td>1989<\/td><td>K\u00fcnstlerhaus Edenkoben, Stipendium des Kultusministeriums Rheinland-Pfalz<\/td><\/tr><tr><td>1987<\/td><td>Richard Bampi -Preis, 2. Preis<\/td><\/tr><\/tbody><\/table><\/figure>\n\n\n\n<h2 class=\"wp-block-heading\">Mitgliedschaften<\/h2>\n\n\n\n<figure class=\"wp-block-table is-style-stripes\"><table><tbody><tr><td>seit 1990<\/td><td>Acad\u00e9mie Internationale de la C\u00e9ramique, Genf (CH)<\/td><\/tr><\/tbody><\/table><\/figure>\n\n\n\n<h2 class=\"wp-block-heading\">Einzelausstellungen (Auswahl)<\/h2>\n\n\n\n<figure class=\"wp-block-table is-style-stripes\"><table><tbody><tr><td>2018<\/td><td>Koblenz, Herz Jesu Kirche, Altar-Installation &#8220;wandeln&#8221;<\/td><\/tr><tr><td>2013<\/td><td>Museum Pfalzgalerie, Kaiserslautern<\/td><\/tr><tr><td>2012<\/td><td>Kunsthaus, Frankenthal<\/td><\/tr><tr><td>2011<\/td><td>Galerie Kr\u00fcger, Koblenz<\/td><\/tr><tr><td>2009<\/td><td>Kloster Karthaus, Konz<br>Galerie Idelmann, Gelsenkirchen<\/td><\/tr><tr><td>2008<\/td><td>Hetjens -Museum, D\u00fcsseldorf<\/td><\/tr><tr><td>2007<\/td><td>OrgelArt Museum, Windesheim<\/td><\/tr><tr><td>2006<\/td><td>Marburger Universit\u00e4tsmuseum, Marburg<\/td><\/tr><tr><td>2017<\/td><td>Keramion &#8220;Kyra Spieker&#8230;auf weitem Raum&#8221;<\/td><\/tr><\/tbody><\/table><\/figure>\n\n\n\n<h2 class=\"wp-block-heading\">Arbeiten in Museen<\/h2>\n\n\n\n<p>Kunstgewerbemuseum, Staatliche Museen zu Berlin, Berlin<br>Kunstsammlung der Veste, Coburg<br>Hetjens -Museum, Deutsches Keramikmuseum, D\u00fcsseldorf<br>Keramion, Museum f\u00fcr zeitgen\u00f6ssische keramische Kunst, Frechen<br>Mus\u00e9e Ariana, Gen\u00e8ve (CH)<br>Museum f\u00fcr Angewandte Kunst, Gera<br>Keramikmuseum Westerwald, H\u00f6hr-Grenzhausen<br>World Ceramic Center, Ichon (Korea)<br>Badisches Landesmuseum, Karlsruhe<br>Museum f\u00fcr Angewandte Kunst, K\u00f6ln<br>Municipal Museum, Louny (Cz)<br>St\u00e4dtische Kunsthalle Mannheim<br>Universit\u00e4tsmuseum f\u00fcr Kunst und Kulturgeschichte, Marburg<br>Landesmuseum Oldenburg<br>Prefectural Art Museum, Saga (Japan)<br>Museum Okregowego, Walbrzych (PL)<\/p>\n\n\n\n<h2 class=\"wp-block-heading\">Lebt und arbeitet in:<\/h2>\n\n\n\n<p>Burgstra\u00dfe 2 \u2022 56203 H\u00f6hr-Grenzhausen<br>Tel.: 02624 &#8211; 5200<br>kyraspieker@t-online.de<br>www.kyraspieker.de<\/p>\n\n\n\n<p class=\"has-text-align-center\">&#8220;beheimatet&#8221;, 2017, 2 x 85 x 400 cm, Steinzeug<\/p>\n\n\n\n<div class=\"wp-block-image\"><figure class=\"aligncenter size-large is-resized\"><img decoding=\"async\" src=\"https:\/\/www.akm-koblenz.de\/wp-content\/uploads\/2022\/05\/1-2-813x1024.jpg\" alt=\"\" class=\"wp-image-513\" width=\"400\" srcset=\"https:\/\/www.akm-koblenz.de\/wp-content\/uploads\/2022\/05\/1-2-813x1024.jpg 813w, https:\/\/www.akm-koblenz.de\/wp-content\/uploads\/2022\/05\/1-2-238x300.jpg 238w, https:\/\/www.akm-koblenz.de\/wp-content\/uploads\/2022\/05\/1-2-768x968.jpg 768w, https:\/\/www.akm-koblenz.de\/wp-content\/uploads\/2022\/05\/1-2.jpg 842w\" sizes=\"(max-width: 706px) 89vw, (max-width: 767px) 82vw, 740px\" \/><\/figure><\/div>\n\n\n\n<p class=\"has-text-align-center\">&#8220;wandeln&#8221;, 2018, 100 x 170 x 130 cm, Folie, Acrylglasr\u00f6hren<\/p>\n\n\n\n<div class=\"wp-block-image\"><figure class=\"aligncenter size-full is-resized\"><img decoding=\"async\" src=\"https:\/\/www.akm-koblenz.de\/wp-content\/uploads\/2022\/05\/2-2.jpg\" alt=\"\" class=\"wp-image-514\" width=\"400\" srcset=\"https:\/\/www.akm-koblenz.de\/wp-content\/uploads\/2022\/05\/2-2.jpg 960w, https:\/\/www.akm-koblenz.de\/wp-content\/uploads\/2022\/05\/2-2-300x200.jpg 300w, https:\/\/www.akm-koblenz.de\/wp-content\/uploads\/2022\/05\/2-2-768x512.jpg 768w\" sizes=\"(max-width: 706px) 89vw, (max-width: 767px) 82vw, 740px\" \/><\/figure><\/div>\n\n\n\n<p class=\"has-text-align-center\">&#8220;Tempor\u00e4re Bauten II&#8221;, 2016, 15 x 33 x 88 cm, Steinzeug, Aluminium<\/p>\n\n\n\n<div class=\"wp-block-image\"><figure class=\"aligncenter size-full is-resized\"><img decoding=\"async\" src=\"https:\/\/www.akm-koblenz.de\/wp-content\/uploads\/2022\/05\/3-2.jpg\" alt=\"\" class=\"wp-image-515\" width=\"400\" srcset=\"https:\/\/www.akm-koblenz.de\/wp-content\/uploads\/2022\/05\/3-2.jpg 960w, https:\/\/www.akm-koblenz.de\/wp-content\/uploads\/2022\/05\/3-2-300x138.jpg 300w, https:\/\/www.akm-koblenz.de\/wp-content\/uploads\/2022\/05\/3-2-768x352.jpg 768w\" sizes=\"(max-width: 706px) 89vw, (max-width: 767px) 82vw, 740px\" \/><\/figure><\/div>\n\n\n\n<p class=\"has-text-align-center\">&#8220;Memory&#8221;, 2014, 10 x 30 x 30 cm, Porzellan, Glasuren<\/p>\n\n\n\n<div class=\"wp-block-image\"><figure class=\"aligncenter size-full is-resized\"><img decoding=\"async\" src=\"https:\/\/www.akm-koblenz.de\/wp-content\/uploads\/2022\/05\/4-1.jpg\" alt=\"\" class=\"wp-image-516\" width=\"400\" srcset=\"https:\/\/www.akm-koblenz.de\/wp-content\/uploads\/2022\/05\/4-1.jpg 960w, https:\/\/www.akm-koblenz.de\/wp-content\/uploads\/2022\/05\/4-1-300x225.jpg 300w, https:\/\/www.akm-koblenz.de\/wp-content\/uploads\/2022\/05\/4-1-768x576.jpg 768w\" sizes=\"(max-width: 706px) 89vw, (max-width: 767px) 82vw, 740px\" \/><\/figure><\/div>\n","protected":false},"excerpt":{"rendered":"<p>1957 geboren in Schiltach 1980 &#8211; 1983 Studium an der Fachschule f\u00fcr Keramikgestaltung, H\u00f6hr-Grenzhausen 1990 &#8211; 1997 Lehrauftrag an der Johannes -Gutenberg -Universit\u00e4t Mainz 1996 &#8211; 1999 Studium an der Johannes -Gutenberg-Universit\u00e4t MainzFachbereich Bildende Kunst bei Prof. Volker Ellwanger 1990seit 2007 berufen in die Acad\u00e9mie Internationale de la C\u00e9ramique, GenfMitglied im Gestaltungsrat der landeskirchlichen Bauberatung &hellip; <\/p>\n<p class=\"link-more\"><a href=\"https:\/\/www.akm-koblenz.de\/index.php\/mitglieder\/kyra-spieker\/\" class=\"more-link\">Continue reading<span class=\"screen-reader-text\"> &#8220;KYRA SPIEKER&#8221;<\/span><\/a><\/p>\n","protected":false},"author":1,"featured_media":0,"parent":92,"menu_order":0,"comment_status":"closed","ping_status":"closed","template":"","meta":{"footnotes":""},"class_list":["post-511","page","type-page","status-publish","hentry"],"_links":{"self":[{"href":"https:\/\/www.akm-koblenz.de\/index.php\/wp-json\/wp\/v2\/pages\/511","targetHints":{"allow":["GET"]}}],"collection":[{"href":"https:\/\/www.akm-koblenz.de\/index.php\/wp-json\/wp\/v2\/pages"}],"about":[{"href":"https:\/\/www.akm-koblenz.de\/index.php\/wp-json\/wp\/v2\/types\/page"}],"author":[{"embeddable":true,"href":"https:\/\/www.akm-koblenz.de\/index.php\/wp-json\/wp\/v2\/users\/1"}],"replies":[{"embeddable":true,"href":"https:\/\/www.akm-koblenz.de\/index.php\/wp-json\/wp\/v2\/comments?post=511"}],"version-history":[{"count":1,"href":"https:\/\/www.akm-koblenz.de\/index.php\/wp-json\/wp\/v2\/pages\/511\/revisions"}],"predecessor-version":[{"id":517,"href":"https:\/\/www.akm-koblenz.de\/index.php\/wp-json\/wp\/v2\/pages\/511\/revisions\/517"}],"up":[{"embeddable":true,"href":"https:\/\/www.akm-koblenz.de\/index.php\/wp-json\/wp\/v2\/pages\/92"}],"wp:attachment":[{"href":"https:\/\/www.akm-koblenz.de\/index.php\/wp-json\/wp\/v2\/media?parent=511"}],"curies":[{"name":"wp","href":"https:\/\/api.w.org\/{rel}","templated":true}]}}